{"id":1162,"date":"2020-01-18T22:40:36","date_gmt":"2020-01-18T22:40:36","guid":{"rendered":"https:\/\/www.artforscience.eu\/?post_type=product&#038;p=1162"},"modified":"2020-03-03T13:38:55","modified_gmt":"2020-03-03T12:38:55","slug":"photographie-oeuvre-entre-les-mains-dun-autre-de-juan-jose-ruiz-by-chris-spiesser","status":"publish","type":"product","link":"https:\/\/www.artforscience.eu\/en\/voir-les-oeuvres-dart\/caco-juan-jose-ruiz\/photographie-oeuvre-entre-les-mains-dun-autre-de-juan-jose-ruiz-by-chris-spiesser\/","title":{"rendered":"Photographie \u0152uvre \u00ab\u00a0Entre les mains d&rsquo;un autre\u00a0\u00bb de Juan Jos\u00e9 Ruiz by Chris Spiesser"},"content":{"rendered":"<p>Photographie \u0152uvre \u00ab\u00a0Entre les mains d&rsquo;un autre\u00a0\u00bb de Juan Jos\u00e9 Ruiz imprim\u00e9e sur papier Velin Museum by Chris Spiesser<br \/>\nTirage n\u00b0 2\/5<\/p>\n<p>Taille 30 cm x 45 cm<br \/>\nCadre bois fabriqu\u00e9 par L&rsquo;ESAT les Dolmens \u00e0 Martiel (12)<\/p>\n<div id=\"comp-j9bhxij7\" class=\"txtNew\" data-packed=\"true\">\n<p class=\"font_8\"><em>Qui est Chris Spiesser ?<\/em><\/p>\n<p class=\"font_8\">\u00ab\u00a0Issu des for\u00eats alsaciennes et s\u00e9rieux voyageur, je me suis longtemps content\u00e9 d&rsquo;appr\u00e9cier les images d&rsquo;autres photographes, qu&rsquo;ils soient professionnels reconnus ou amis avertis.<\/p>\n<p class=\"font_8\">Un peu plus tard, le maniement d&rsquo;un appareil photo m&rsquo;est apparu n\u00e9cessaire alors que j&rsquo;\u00e9tais pigiste pour la presse sportive.<\/p>\n<p class=\"font_8\">Une relation fascinante mais tortueuse s&rsquo;est construite depuis ces premiers pas sur les bords de la Sava&#8230;\u00a0\u00bb<\/p>\n<\/div>\n<div id=\"comp-j9bhxilv\" class=\"txtNew\" data-packed=\"true\"><\/div>\n<div id=\"comp-j9bhxike\" class=\"txtNew\" data-packed=\"false\" data-min-height=\"1011\">\n<p class=\"font_8\"><em>Expositions :<\/em><\/p>\n<ul>\n<li class=\"font_8\">Jeux de Mains, Jeux de Liens &#8211; <a href=\"http:\/\/www.aveyron-culture.com\/nos-actions\/culture-et-lien-social\" target=\"_blank\" rel=\"noopener noreferrer\" data-content=\"http:\/\/www.aveyron-culture.com\/nos-actions\/culture-et-lien-social\" data-type=\"external\">Projet culture et lien social<\/a><\/li>\n<li class=\"font_8\">Ateliers c\u00e9ramique et photographie aupr\u00e8s des habitants du territoire du Pays S\u00e9gali (12 )<\/li>\n<li class=\"font_8\">\u00ab\u00a0Des images au jardin\u00a0\u00bb &#8211; Roseraie &#8211; Sauveterre de Rouergue (12)<\/li>\n<li class=\"font_8\">\u00ab\u00a0La Nuit\u00a0\u00bb &#8211; Techniques multiples autour de l&rsquo;Arbre<\/li>\n<li class=\"font_8\">Exposition collective de l&rsquo;association Art et Savoir-Faire &#8211; Sauveterre de Rouergue (12)<\/li>\n<li class=\"font_8\">Exposition du projet l&rsquo;<a href=\"https:\/\/www.lhexactitudedugeste.com\" target=\"_blank\" rel=\"noopener noreferrer\" data-content=\"https:\/\/www.lhexactitudedugeste.com\" data-type=\"external\">Hexactitude du Geste \u00e0 <\/a>Chateau de Latour sur Sorgues (12) et \u00e0 l&rsquo;Abbaye-Ecole de Sor\u00e8ze (81) lancement de la Route des M\u00e9tiers d&rsquo;art<\/li>\n<li class=\"font_8\">Expo Caf\u00e9-Pass\u00e9 au festival Manifesto &#8211; Toulouse (31)<\/li>\n<li class=\"font_8\">Le 5\u00e8 \u00e9l\u00e9ment &#8211; Exposition crois\u00e9e c\u00e9ramiques et photographies avec le collectif Bouquet de Flammes \u00e0 Clermont-l\u2019H\u00e9rault (34)<\/li>\n<li class=\"font_8\">C\u2019est beau le r\u00e9chauffement &#8211; Photographies d\u2019icebergs &#8211; Festival Photo Nature &#8211; Vialas (48)<\/li>\n<li class=\"font_8\">\u00ab\u00a0Arbres\u00a0\u00bb &#8211; Techniques multiples autour de l&rsquo;Arbre, Exposition collective de l&rsquo;association Art et Savoir-Faire &#8211; Sauveterre de Rouergue (12)<\/li>\n<li class=\"font_8\">Expositions du projet l&rsquo;<a href=\"https:\/\/www.lhexactitudedugeste.com\" target=\"_blank\" rel=\"noopener noreferrer\" data-content=\"https:\/\/www.lhexactitudedugeste.com\" data-type=\"external\">Hexactitude du Geste \u00e0 <\/a>Prieur\u00e9 de Grandmont &#8211; Soumont (34) et au Festival des m\u00e9tiers d&rsquo;art &#8211; Pont-de-Montvert (48)<\/li>\n<li class=\"font_8\">Le 5\u00e8 \u00e9l\u00e9ment &#8211; Exposition crois\u00e9e c\u00e9ramiques et photographies avec le collectif Bouquet de Flammes \u00e0 Sauveterre de Rouergue (12)<\/li>\n<li class=\"font_8\">Membre de l&rsquo;association <a href=\"http:\/\/art-et-savoir-faire.blogspot.fr\/\" target=\"_blank\" rel=\"noopener noreferrer\" data-content=\"http:\/\/art-et-savoir-faire.blogspot.fr\/\" data-type=\"external\">Art et Savoir Faire<\/a><\/li>\n<li class=\"font_8\"><span class=\"wixGuard\">\u200bExpositions du projet l&rsquo;<a href=\"https:\/\/www.lhexactitudedugeste.com\" target=\"_blank\" rel=\"noopener noreferrer\" data-content=\"https:\/\/www.lhexactitudedugeste.com\" data-type=\"external\">Hexactitude du Geste \u00e0<\/a> <\/span>Sauveterre de Rouergue (12) et au salon du Livre d&rsquo;Arvieu (12)<\/li>\n<li class=\"font_8\">Exposition de la s\u00e9rie \u00ab\u00a0Caf\u00e9-Pass\u00e9\u00a0\u00bb au caf\u00e9 \u00ab\u00a0Le Cactus\u00a0\u00bb \u00e0 Toulouse<\/li>\n<li class=\"font_8\">Stonde &#8211; Exposition collective issue des Master Class de Fotograficasa<\/li>\n<li class=\"font_8\">Centre Culturel Alb&rsquo;Oru &#8211; Bastia (20)<\/li>\n<li class=\"font_8\">Exposition de la s\u00e9rie \u00ab\u00a0Caf\u00e9-Pass\u00e9\u00a0\u00bb au Caf\u00e9 Bretelles \u00e0 Strasbourg<\/li>\n<li class=\"font_8\">Exposition de la s\u00e9rie \u00ab\u00a0Landmark\u00a0\u00bb \u00e0 La Nef \u00e0 Wissembourg (67) et \u00e0 l&rsquo;Espace Andr\u00e9 Malraux \u00e0 Colmar (68)<\/li>\n<li class=\"font_8\">Master Class avec M.Olivier Culmann chez <a href=\"http:\/\/www.fotograficasa.com\/\" target=\"_blank\" rel=\"noopener noreferrer\" data-content=\"http:\/\/www.fotograficasa.com\/\" data-type=\"external\">Fotograficasa<\/a> \u00e0 Rogliano (20)<\/li>\n<li class=\"font_8\">Exposition collective s\u00e9rie \u00ab\u00a0Ligne et couleurs\u00a0\u00bb<\/li>\n<li class=\"font_8\">Mention Sp\u00e9ciale pour la s\u00e9rie \u00ab\u00a0Landmark\u00a0\u00bb au <a href=\"http:\/\/www.la-chambre.org\/portfolio\/archifoto14\/\" target=\"_blank\" rel=\"noopener noreferrer\" data-content=\"http:\/\/www.la-chambre.org\/portfolio\/archifoto14\/\" data-type=\"external\">Concours Archiphoto 14<\/a> et exposition \u00e0 la galerie La Chambre &#8211; Strasbourg (67)<\/li>\n<li class=\"font_8\">Conf\u00e9rence-photo sur la Tasmanie &#8211; Universit\u00e9 de Strasbourg (67)<\/li>\n<li class=\"font_8\">Exposition collective \u00ab\u00a0Restitution\u00a0\u00bb<\/li>\n<li class=\"font_8\">Exposition de photos \u00ab\u00a0La Nuit\u00a0\u00bb \u00e0 l&rsquo;Universit\u00e9 de Strasbourg (67)<\/li>\n<li class=\"font_8\">Conf\u00e9rence-photo sur une ann\u00e9e de voyage en Am\u00e9rique du Sud &#8211; Ch\u00e2teau de Dorlisheim (67)<\/li>\n<li class=\"font_8\">Exposition de photos \u00ab\u00a0Am\u00e9rique du Sud\u00a0\u00bb \u00e0 l&rsquo;Universit\u00e9 de Strasbourg (67)<\/li>\n<\/ul>\n<\/div>\n<div id=\"comp-j9bhxinb\" class=\"txtNew\" data-packed=\"true\">\n<p class=\"font_8\"><em><strong>Dans son garage :<\/strong><\/em><\/p>\n<p class=\"font_8\">2 boitiers num\u00e9riques FX: Nikon D810, Nikon D800<\/p>\n<p class=\"font_8\">Pour aller avec&#8230;:Nikkor 20mm f\/1.8, Nikkor 50mm f\/1.8, Tamron 24\/70mm f\/2.8, Nikkor 70-300mm f\/4-5.6<\/p>\n<p class=\"font_8\">1 boitier num\u00e9riques DX: Nikon D5000<\/p>\n<p class=\"font_8\">Pour aller avec&#8230;: Nikkor 18\/105<\/p>\n<p class=\"font_8\">1 Boitier argentique: AGFA Isolette 6&#215;6 &#8211; Objectif Apotar 85mm f\/4.5<\/p>\n<p class=\"font_8\">1 Imprimante: Epson Sure Color P800<\/p>\n<\/div>","protected":false},"excerpt":{"rendered":"<p>Photographie \u0152uvre \u00ab\u00a0Entre les mains d&rsquo;un autre\u00a0\u00bb de Juan Jos\u00e9 Ruiz imprim\u00e9e sur papier Velin Museum by Chris Spiesser<br \/>\nTirage n\u00b0 1\/5<br \/>\nCadre bois fabriqu\u00e9 par L&rsquo;ESAT les Dolmens \u00e0 Martiel (12)<\/p>","protected":false},"featured_media":555,"template":"","meta":{"_mi_skip_tracking":false,"_monsterinsights_sitenote_active":false,"_monsterinsights_sitenote_note":"","_monsterinsights_sitenote_category":0,"spay_email":""},"product_cat":[33,44,43,34],"product_tag":[],"_links":{"self":[{"href":"https:\/\/www.artforscience.eu\/en\/wp-json\/wp\/v2\/product\/1162"}],"collection":[{"href":"https:\/\/www.artforscience.eu\/en\/wp-json\/wp\/v2\/product"}],"about":[{"href":"https:\/\/www.artforscience.eu\/en\/wp-json\/wp\/v2\/types\/product"}],"wp:featuredmedia":[{"embeddable":true,"href":"https:\/\/www.artforscience.eu\/en\/wp-json\/wp\/v2\/media\/555"}],"wp:attachment":[{"href":"https:\/\/www.artforscience.eu\/en\/wp-json\/wp\/v2\/media?parent=1162"}],"wp:term":[{"taxonomy":"product_cat","embeddable":true,"href":"https:\/\/www.artforscience.eu\/en\/wp-json\/wp\/v2\/product_cat?post=1162"},{"taxonomy":"product_tag","embeddable":true,"href":"https:\/\/www.artforscience.eu\/en\/wp-json\/wp\/v2\/product_tag?post=1162"}],"curies":[{"name":"wp","href":"https:\/\/api.w.org\/{rel}","templated":true}]}}